{"id":876,"date":"2022-06-14T13:53:41","date_gmt":"2022-06-14T16:53:41","guid":{"rendered":"https:\/\/3itserver.com.br\/capoeiras\/?page_id=876"},"modified":"2025-10-22T12:19:04","modified_gmt":"2025-10-22T15:19:04","slug":"certidoes-negativas-de-tributos","status":"publish","type":"page","link":"https:\/\/3itserver.com.br\/capoeiras\/transparencia\/certidoes-negativas-de-tributos\/","title":{"rendered":"Certid\u00f5es Negativas de Tributos"},"content":{"rendered":"<div class=\"table-2\">\n<table id=\"datatables\" class=\"hover\" width=\"100%\">\n<thead>\n<tr>\n<th>Emiss\u00e3o<\/th>\n<th>Validade<\/th>\n<th>Descri\u00e7\u00e3o<\/th>\n<th>Visualizar<\/th>\n<\/tr>\n<\/thead>\n<tbody>\n<tr>\n<td><span style=\"display: table-column;\">20250523<\/span>08\/12\/2025<\/td>\n<td><span style=\"display: table-column;\">20251210<\/span>10\/12\/2025<\/td>\n<td>Certid\u00e3o de Regularidade Fiscal<\/td>\n<td><a href=\"https:\/\/3itserver.com.br\/capoeiras\/wp-content\/uploads\/2025\/10\/PREmitirCertidaoRegularidadeFiscal.pdf\" target=\"_blank\" rel=\"noopener\"><i class=\"fa fa-file\" data-raofz=\"13\"><\/i> Visualizar<\/a><\/td>\n<\/tr>\n<tr>\n<td><span style=\"display: table-column;\">20250523<\/span> 23\/05\/2025<\/td>\n<td><span style=\"display: table-column;\">20250820<\/span>20\/08\/2025<\/td>\n<td>Certid\u00e3o Negativa de D\u00e9bitos Fiscais<\/td>\n<td><a href=\"https:\/\/3itserver.com.br\/capoeiras\/wp-content\/uploads\/2025\/09\/CND_Estadual.pdf\" target=\"_blank\" rel=\"noopener\"><i class=\"fa fa-file\" data-raofz=\"13\"><\/i> Visualizar<\/a><\/td>\n<\/tr>\n<tr>\n<td><span style=\"display: table-column;\">20250523<\/span>23\/05\/2025<\/td>\n<td><span style=\"display: table-column;\">20251119<\/span>19\/11\/2025<\/td>\n<td>Certid\u00e3o Negativa de D\u00e9bitos Relativos aos Tributos Federais e \u00e0 D\u00edvida Ativa da Uni\u00e3o<\/td>\n<td><a href=\"https:\/\/3itserver.com.br\/capoeiras\/wp-content\/uploads\/2025\/09\/CND_Federal.pdf\" target=\"_blank\" rel=\"noopener\"><i class=\"fa fa-file\" data-raofz=\"13\"><\/i> Visualizar<\/a><\/td>\n<\/tr>\n<tr>\n<td><span style=\"display: table-column;\">20250131<\/span>31\/01\/2025<\/td>\n<td><span style=\"display: table-column;\">20250430<\/span>30\/04\/2025<\/td>\n<td>Certid\u00e3o Negativa de D\u00e9bitos Fiscais<\/td>\n<td><a href=\"https:\/\/3itserver.com.br\/capoeiras\/wp-content\/uploads\/2025\/02\/CND_ESTADUAL.pdf\" target=\"_blank\" rel=\"noopener\"><i class=\"fa fa-file\" data-raofz=\"13\"><\/i> Visualizar<\/a><\/td>\n<\/tr>\n<tr>\n<td><span style=\"display: table-column;\">20241101<\/span>01\/11\/2024<\/td>\n<td><span style=\"display: table-column;\">20250430<\/span>30\/04\/2025<\/td>\n<td>Certid\u00e3o Negativa de D\u00e9bitos Relativos aos Tributos Federais e \u00e0 D\u00edvida Ativa da Uni\u00e3o<\/td>\n<td><a href=\"https:\/\/3itserver.com.br\/capoeiras\/wp-content\/uploads\/2025\/02\/CND_FEDERAL.pdf\" target=\"_blank\" rel=\"noopener\"><i class=\"fa fa-file\" data-raofz=\"13\"><\/i> Visualizar<\/a><\/td>\n<\/tr>\n<tr>\n<td><span style=\"display: table-column;\">20240721<\/span>27\/07\/2024<\/td>\n<td><span style=\"display: table-column;\">20241023<\/span>24\/10\/2024<\/td>\n<td>Certid\u00e3o Negativa de D\u00e9bitos Fiscais<\/td>\n<td><a href=\"https:\/\/3itserver.com.br\/capoeiras\/wp-content\/uploads\/2024\/08\/PREmitirCertidaoNegativaNarrativaDebitoFiscal.pdf\" target=\"_blank\" rel=\"noopener\"><i class=\"fa fa-file\" data-raofz=\"13\"><\/i> Visualizar<\/a><\/td>\n<\/tr>\n<tr>\n<td><span style=\"display: table-column;\">20240423<\/span>23\/04\/2024<\/td>\n<td><span style=\"display: table-column;\">20240721<\/span>21\/07\/2024<\/td>\n<td>Certid\u00e3o Negativa de D\u00e9bitos Fiscais<\/td>\n<td><a href=\"https:\/\/3itserver.com.br\/capoeiras\/wp-content\/uploads\/2024\/04\/10_certid\u00e3o_Negativa_Narrativa_Debito_Fiscal.pdf\" target=\"_blank\" rel=\"noopener\"><i class=\"fa fa-file\" data-raofz=\"13\"><\/i> Visualizar<\/a><\/td>\n<\/tr>\n<tr>\n<td><span style=\"display: table-column;\">20240115<\/span>15\/01\/2024<\/td>\n<td><span style=\"display: table-column;\">20240413<\/span>13\/04\/2024<\/td>\n<td>Certid\u00e3o Negativa de D\u00e9bitos Fiscais<\/td>\n<td><a href=\"https:\/\/3itserver.com.br\/capoeiras\/wp-content\/uploads\/2024\/01\/cnd_estadual.pdf\" target=\"_blank\" rel=\"noopener\"><i class=\"fa fa-file\" data-raofz=\"13\"><\/i> Visualizar<\/a><\/td>\n<\/tr>\n<tr>\n<td><span style=\"display: table-column;\">20220420<\/span>01\/11\/2024<\/td>\n<td><span style=\"display: table-column;\">20221017<\/span>30\/04\/2025<\/td>\n<td>Certid\u00e3o Negativa de D\u00e9bitos Relativos aos Tributos Federais e \u00e0 D\u00edvida Ativa da Uni\u00e3o<\/td>\n<td><a href=\"https:\/\/3itserver.com.br\/capoeiras\/wp-content\/uploads\/2024\/11\/01.11.2024-30.04.2025-Certid\u00e3o-Negativa-de-D\u00e9bitos-Relativos-aos-Tributos-Federais-e-\u00e0-D\u00edvida-Ativa-da-Uni\u00e3o.pdf\" target=\"_blank\" rel=\"noopener\"><i class=\"fa fa-file\" data-raofz=\"13\"><\/i> Visualizar<\/a><\/td>\n<\/tr>\n<tr>\n<td><span style=\"display: table-column;\">20230411<\/span>26\/10\/2024<\/td>\n<td><span style=\"display: table-column;\">20240201<\/span>23\/01\/2025<\/td>\n<td>Certid\u00e3o Negativa de D\u00e9bitos Estaduais<\/td>\n<td><a href=\"https:\/\/3itserver.com.br\/capoeiras\/wp-content\/uploads\/2024\/11\/26.10.2024-23.01.2025-Certid\u00e3o-Negativa-de-D\u00e9bitos-Estaduais.pdf\" target=\"_blank\" rel=\"noopener\"><i class=\"fa fa-file\" data-raofz=\"13\"><\/i> Visualizar<\/a><\/td>\n<\/tr>\n<\/tbody>\n<\/table>\n<\/div>\n","protected":false},"excerpt":{"rendered":"<p>Emiss\u00e3o Validade Descri\u00e7\u00e3o Visualizar 2025052308\/12\/2025 2025121010\/12\/2025 Certid\u00e3o de Regularidade Fiscal Visualizar 20250523 23\/05\/2025 2025082020\/08\/2025 Certid\u00e3o Negativa de D\u00e9bitos Fiscais Visualizar 2025052323\/05\/2025 2025111919\/11\/2025 Certid\u00e3o Negativa de D\u00e9bitos Relativos aos Tributos Federais e \u00e0 D\u00edvida Ativa da Uni\u00e3o Visualizar 2025013131\/01\/2025 2025043030\/04\/2025 Certid\u00e3o Negativa de D\u00e9bitos Fiscais Visualizar 2024110101\/11\/2024 2025043030\/04\/2025 Certid\u00e3o Negativa de D\u00e9bitos Relativos aos Tributos Federais [&hellip;]<\/p>\n","protected":false},"author":1,"featured_media":0,"parent":239,"menu_order":0,"comment_status":"closed","ping_status":"closed","template":"","meta":{"_et_pb_use_builder":"","_et_pb_old_content":"","_et_gb_content_width":"","footnotes":""},"class_list":["post-876","page","type-page","status-publish","hentry"],"_links":{"self":[{"href":"https:\/\/3itserver.com.br\/capoeiras\/wp-json\/wp\/v2\/pages\/876","targetHints":{"allow":["GET"]}}],"collection":[{"href":"https:\/\/3itserver.com.br\/capoeiras\/wp-json\/wp\/v2\/pages"}],"about":[{"href":"https:\/\/3itserver.com.br\/capoeiras\/wp-json\/wp\/v2\/types\/page"}],"author":[{"embeddable":true,"href":"https:\/\/3itserver.com.br\/capoeiras\/wp-json\/wp\/v2\/users\/1"}],"replies":[{"embeddable":true,"href":"https:\/\/3itserver.com.br\/capoeiras\/wp-json\/wp\/v2\/comments?post=876"}],"version-history":[{"count":14,"href":"https:\/\/3itserver.com.br\/capoeiras\/wp-json\/wp\/v2\/pages\/876\/revisions"}],"predecessor-version":[{"id":2154,"href":"https:\/\/3itserver.com.br\/capoeiras\/wp-json\/wp\/v2\/pages\/876\/revisions\/2154"}],"up":[{"embeddable":true,"href":"https:\/\/3itserver.com.br\/capoeiras\/wp-json\/wp\/v2\/pages\/239"}],"wp:attachment":[{"href":"https:\/\/3itserver.com.br\/capoeiras\/wp-json\/wp\/v2\/media?parent=876"}],"curies":[{"name":"wp","href":"https:\/\/api.w.org\/{rel}","templated":true}]}}