{"id":156,"date":"2019-02-20T14:17:03","date_gmt":"2019-02-20T17:17:03","guid":{"rendered":"http:\/\/ipseccapoeiras.com.br\/\/?page_id=156"},"modified":"2025-09-29T10:08:46","modified_gmt":"2025-09-29T13:08:46","slug":"legislacao","status":"publish","type":"page","link":"https:\/\/3itserver.com.br\/capoeiras\/governanca-corporativa\/legislacao\/","title":{"rendered":"Legisla\u00e7\u00e3o"},"content":{"rendered":"<table id=\"datatables\" class=\"hover\" width=\"100%\">\n<thead>\n<tr>\n<th>Ano<\/th>\n<th>N\u00fam.<\/th>\n<th>Documento<\/th>\n<th>Descri\u00e7\u00e3o<\/th>\n<th>Visualizar<\/th>\n<\/tr>\n<\/thead>\n<tbody>\n<tr>\n<td>2025<\/td>\n<td>014<\/td>\n<td>Portaria<\/td>\n<td>Disp\u00f5e sobre o recadastramento dos servidores p\u00fablicos municipais inativos e pensionistas do Munic\u00edpio de Capoeiras e da outras provid\u00eancias.<\/td>\n<td><a href=\"https:\/\/3itserver.com.br\/capoeiras\/wp-content\/uploads\/2025\/09\/PORTARIA_014_2025_RECADASTRAMENTO.pdf\" target=\"_blank\" rel=\"noopener\">Download<\/a><\/td>\n<\/tr>\n<tr>\n<td>2025<\/td>\n<td>005<\/td>\n<td>Portaria<\/td>\n<td>Nomeia membros para compor o quadro de conselheiros dos conselhos Deliberativo e Fiscal do Instituto de Previd\u00eancia dos Servidores Municipais de Capoeiras &#8211; IPSEC e d\u00e1 outras e provid\u00eancias.<\/td>\n<td><a href=\"https:\/\/3itserver.com.br\/capoeiras\/wp-content\/uploads\/2025\/09\/PORTARIA-NC2BA-005-Nomeia-Conselho.pdf\" target=\"_blank\" rel=\"noopener\">Download<\/a><\/td>\n<\/tr>\n<tr>\n<td>2025<\/td>\n<td>013<\/td>\n<td>Portaria<\/td>\n<td>Disp\u00f5e sobre a concess\u00e3o de aposentadoria e d\u00e1 outras e provid\u00eancias.<\/td>\n<td><a href=\"https:\/\/3itserver.com.br\/capoeiras\/wp-content\/uploads\/2025\/09\/PORTARIA_13_2025.pdf\" target=\"_blank\" rel=\"noopener\">Download<\/a><\/td>\n<\/tr>\n<tr>\n<td>2025<\/td>\n<td>626<\/td>\n<td>Lei<\/td>\n<td>Disp\u00f5e sobre altera\u00e7\u00f5es na lei 386\/2009 e d\u00e1 outras provid\u00eancias altera\u00e7\u00f5es na lei 386\/2009 e d\u00e1 outras provid\u00eancias.<\/td>\n<td><a href=\"https:\/\/3itserver.com.br\/capoeiras\/wp-content\/uploads\/2025\/09\/Lei_626_2025_altera_lei_386.pdf\" target=\"_blank\" rel=\"noopener\">Download<\/a><\/td>\n<\/tr>\n<tr>\n<td>2025<\/td>\n<td>622<\/td>\n<td>Lei<\/td>\n<td>Altera os valores dos cargos de Nutricionista Escolar, Fonoaudi\u00f3logo Escolar, Secret\u00e1rio Escolar, Psic\u00f3logo Escolar, Analista de Sistema e Suporte de Tecnologia Educacional, Assistente Administrativo Educacional em Inform\u00e1tica, Motorista Escolar Educacional, Auxiliar de Servi\u00e7os Educacionais e Vigia Escolar Educacional, integrantes do Plano de Cargos, carreira e Remunera\u00e7\u00e3o do Pessoal T\u00e9cnico Administrativo da Secretaria Municipal de Educa\u00e7\u00e3o regido pela Lei n\u00ba 418, de 03 de abril de 2012, e os anexos III e IV da mesma Lei e d\u00e1 outras provid\u00eancias.<\/td>\n<td><a href=\"https:\/\/3itserver.com.br\/capoeiras\/wp-content\/uploads\/2025\/09\/Lei_622_2025_Altera_os_valores_40.pdf\" target=\"_blank\" rel=\"noopener\">Download<\/a><\/td>\n<\/tr>\n<tr>\n<td>2025<\/td>\n<td>621<\/td>\n<td>Lei<\/td>\n<td>Altera os valores dos cargos dos profissionais do magist\u00e9rio do quadro do sistema p\u00fablico de Educa\u00e7\u00e3o de Capoeiras-PE regido pela Lei n\u00ba 400, de 02 de agosto de 2010, alterado pela Lei n\u00ba 595\/2024, e os anexos III e IV da mesma Lei e d\u00e1 outras provid\u00eancias.<\/td>\n<td><a href=\"https:\/\/3itserver.com.br\/capoeiras\/wp-content\/uploads\/2025\/09\/LEI_621_2025.pdf\" target=\"_blank\" rel=\"noopener\">Download<\/a><\/td>\n<\/tr>\n<tr>\n<td>2025<\/td>\n<td>005<\/td>\n<td>Portaria<\/td>\n<td>Nomeia membros para compor o quadro de conselheiros dos conselhos Deliberativo e Fiscal do Instituto de Previd\u00eancia dos Servidores Municipais de Capoeiras &#8211; IPSEC e d\u00e1 outras e provid\u00eancias<\/td>\n<td><a href=\"https:\/\/3itserver.com.br\/capoeiras\/wp-content\/uploads\/2025\/09\/PORTARIA-NC2BA-05-Nomeia-Conselho.pdf\" target=\"_blank\" rel=\"noopener\">Download<\/a><\/td>\n<\/tr>\n<tr>\n<td>2025<\/td>\n<td>003<\/td>\n<td>Portaria<\/td>\n<td>ANULAR a portaria 02\/2025 \u2013 IPSEC.<\/td>\n<td><a href=\"https:\/\/3itserver.com.br\/capoeiras\/wp-content\/uploads\/2025\/09\/PORTARIA-NC2BA-03-Anular-Poetaria-02_2025.pdf\" target=\"_blank\" rel=\"noopener\">Download<\/a><\/td>\n<\/tr>\n<tr>\n<td>2025<\/td>\n<td>618<\/td>\n<td>Lei<\/td>\n<td>Disp\u00f5e sobre o reajuste da remunera\u00e7\u00e3o m\u00ednima dos servidores do Munic\u00edpio de capoeiras e d\u00e1outras provid\u00eancias.<\/td>\n<td><a href=\"https:\/\/3itserver.com.br\/capoeiras\/wp-content\/uploads\/2025\/02\/LEIN611.pdf\" target=\"_blank\" rel=\"noopener\">Download<\/a><\/td>\n<\/tr>\n<tr>\n<td>2024<\/td>\n<td>606<\/td>\n<td>Lei<\/td>\n<td>Disp\u00f5e sobre o plano de amortiza\u00e7\u00e3o para equacionamento do D\u00e9ficit Atuarial e altera as al\u00edquotas de contribui\u00e7\u00e3o previdenci\u00e1ria devidas pelo Munic\u00edpio ao IPSEC nos planos financeiro e previdenci\u00e1rio e d\u00e1 outras provid\u00eancias.<\/td>\n<td><a href=\"https:\/\/3itserver.com.br\/capoeiras\/wp-content\/uploads\/2024\/06\/LEI_606_2024.pdf\" target=\"_blank\" rel=\"noopener\">Download<\/a><\/td>\n<\/tr>\n<tr>\n<td>2001<\/td>\n<td>275<\/td>\n<td>Lei<\/td>\n<td>Disp\u00f5e sobre o Regime Pr\u00f3prio de Previd\u00eancia Municipal de Capoeiras, do Estado de Pernambuco, de conformidade com a Legisla\u00e7\u00e3o Federal e adota outras provid\u00eancias.<\/td>\n<td><a href=\"https:\/\/3itserver.com.br\/capoeiras\/wp-content\/uploads\/2024\/05\/LEI-N\u00b0-2752001.pdf\" target=\"_blank\" rel=\"noopener\">Download<\/a><\/td>\n<\/tr>\n<tr>\n<td>2006<\/td>\n<td>362<\/td>\n<td>Lei<\/td>\n<td>Reorganiza o Regime Pr\u00f3prio de Previd\u00eancia Social do Munic\u00edpio de Capoiras e d\u00e1 outras provid\u00eancias.<\/td>\n<td><a href=\"https:\/\/3itserver.com.br\/capoeiras\/wp-content\/uploads\/2024\/05\/LEI-N\u00b0-362-2006.pdf\" target=\"_blank\" rel=\"noopener\">Download<\/a><\/td>\n<\/tr>\n<tr>\n<td>2024<\/td>\n<td>596<\/td>\n<td>Lei<\/td>\n<td>Altera os valores dos cargos de Nutricionista Escolar, Fonoaudi\u00f3logo Escolar, Secret\u00e1rio Escolar, Psic\u00f3logo Escolar, Analista de Sistema e Suporte de Tecnologia Educacional, Assistente Administrativo Educacional em Inform\u00e1tica, Motorista Escolar Educacional, Auxiliar de Servi\u00e7os Educacionais e Vigia Escolar Educacional, integrantes do Plano de Cargos, carreira e Remunera\u00e7\u00e3o do Pessoal T\u00e9cnico Administrativo da Secretaria Municipal de Educa\u00e7\u00e3o regido pela Lei n\u00ba418, de 03 de abril de 2012, e os anexos III e IV da mesma Lei e d\u00e1 outras provid\u00eancias<\/td>\n<td><a href=\"https:\/\/3itserver.com.br\/capoeiras\/wp-content\/uploads\/2024\/03\/lei_596_2024.pdf\" target=\"_blank\" rel=\"noopener\">Download<\/a><\/td>\n<\/tr>\n<tr>\n<td>2024<\/td>\n<td>595<\/td>\n<td>Lei<\/td>\n<td>Altera os valores dos cargos dos profissionais do magist\u00e9rio do quadro do sistema p\u00fablico de Educa\u00e7\u00e3o de Capoeiras-PE regido pela Lei n\u00ba 400, de 02 de agosto de 2010, alterado pela Lei n\u00ba 573\/2024, e os anexos III e IV da mesma Lei e d\u00e1 outras provid\u00eancias<\/td>\n<td><a href=\"https:\/\/3itserver.com.br\/capoeiras\/wp-content\/uploads\/2024\/03\/lei_595_2024.pdf\" target=\"_blank\" rel=\"noopener\">Download<\/a><\/td>\n<\/tr>\n<tr>\n<td>2024<\/td>\n<td>594<\/td>\n<td>Lei<\/td>\n<td>Revoga a Lei Municipal n\u00ba 580\/2023, concede efeito repristinat\u00f3rio ao \u00a7 3\u00ba do art. 14 da Lei Municipal n\u00ba 386\/2009 e d\u00e1 outras provid\u00eancias.<\/td>\n<td><a href=\"https:\/\/3itserver.com.br\/capoeiras\/wp-content\/uploads\/2024\/03\/lei_594_2024.pdf\" target=\"_blank\" rel=\"noopener\">Download<\/a><\/td>\n<\/tr>\n<tr>\n<td>2023<\/td>\n<td>025<\/td>\n<td>Portaria<\/td>\n<td>Disp\u00f5e sobre anula\u00e7\u00e3o de portaria e<br \/>\nd\u00e1 outras e provid\u00eancias<\/td>\n<td><a href=\"https:\/\/3itserver.com.br\/capoeiras\/wp-content\/uploads\/2024\/01\/PORTARIA_025_2023.pdf\" target=\"_blank\" rel=\"noopener\">Download<\/a><\/td>\n<\/tr>\n<tr>\n<td>2023<\/td>\n<td>581<\/td>\n<td>Lei<\/td>\n<td>Disp\u00f5e sobre o plano de amortiza\u00e7\u00e3o para equiacionamento do D\u00e9ficit Atuarial e altera as al\u00edquotas de contribui\u00e7\u00e3o previdenci\u00e1ria devidas pelo Munic\u00edpio ao IPSEC nos planos financeiros e d\u00e1 outras provid\u00eancias.<\/td>\n<td><a href=\"https:\/\/3itserver.com.br\/capoeiras\/wp-content\/uploads\/2023\/11\/Lei_581_2023.pdf\" target=\"_blank\" rel=\"noopener\">Download<\/a><\/td>\n<\/tr>\n<tr>\n<td>2023<\/td>\n<td>580<\/td>\n<td>Lei<\/td>\n<td>Disp\u00f5e sobre a altera\u00e7\u00e3o da Taxa de Administra\u00e7\u00e3o do Instituto de Previd\u00eancia dos Servidores Munic\u00edpais de Capoeiras &#8211; IPSEC e d\u00e1 outras provid\u00eancias.<\/td>\n<td><a href=\"https:\/\/3itserver.com.br\/capoeiras\/wp-content\/uploads\/2023\/11\/Lei_580_2023.pdf\" target=\"_blank\" rel=\"noopener\">Download<\/a><\/td>\n<\/tr>\n<tr>\n<td>2023<\/td>\n<td>578<\/td>\n<td>Lei<\/td>\n<td>Disp\u00f5e sobre o Reajuste da remunera\u00e7\u00e3o m\u00ednima dos Servidores do Munic\u00edpio de Capoeiras e d\u00e1 outras provid\u00eancias.<\/td>\n<td><a href=\"https:\/\/3itserver.com.br\/capoeiras\/wp-content\/uploads\/2023\/06\/LEI-N\u00ba-578.2023-Disp\u00f5e-sobre-o-Reajuste-da-remunera\u00e7\u00e3o-m\u00ednima-dos-servidores-do-Munic\u00edpio-de-Capoeiras-e-d\u00e1-outras-provid\u00eancias.pdf\" target=\"_blank\" rel=\"noopener\">Download<\/a><\/td>\n<\/tr>\n<tr>\n<td>2023<\/td>\n<td>574<\/td>\n<td>Lei<\/td>\n<td>Altera os valores dos cargos de Nutricionista Escolar, Fonoaudi\u00f3logo Escolar, Secret\u00e1rio Escolar, Psic\u00f3logo Escolar, Analista de Sistema e Suporte de Tecnologia Educacional, Assistente Administrativo Educacional em Inform\u00e1tica, Motorista Escolar Educacional, Auxiliar de Servi\u00e7os Educacionais e Vigia Escolar Educacional, integrantes do Plano de Cargos, carreira e Remunera\u00e7\u00e3o do Pessoal T\u00e9cnico Administrativo da Secretaria Municipal de Educa\u00e7\u00e3o regido pela Lei n\u00ba418, de 03 de abril de 2012, e os anexos III e IV da mesma Lei e d\u00e1 outras provid\u00eancias.<\/td>\n<td><a href=\"https:\/\/3itserver.com.br\/capoeiras\/wp-content\/uploads\/2023\/05\/Lei-n\u00ba-574_2023.pdf\" target=\"_blank\" rel=\"noopener\">Download<\/a><\/td>\n<\/tr>\n<tr>\n<td>2023<\/td>\n<td>573<\/td>\n<td>Lei<\/td>\n<td>Altera os valores dos cargos dos profissionais do magist\u00e9rio do quadro do sistema p\u00fablico de Educa\u00e7\u00e3o de Capoeiras-PE regido pela Lei n\u00ba 400, de 02 de agosto de 2010, alterado pela Lei n\u00ba 555\/2023, e os anexos III e IV da mesma Lei e d\u00e1 outras provid\u00eancias.<\/td>\n<td><a href=\"https:\/\/3itserver.com.br\/capoeiras\/wp-content\/uploads\/2023\/05\/Lei-n\u00ba-573_2023.pdf\" target=\"_blank\" rel=\"noopener\">Download<\/a><\/td>\n<\/tr>\n<tr>\n<td>2023<\/td>\n<td>570<\/td>\n<td>Lei<\/td>\n<td>Disp\u00f5e sobre o Reajuste da remunera\u00e7\u00e3o m\u00ednima dos servidores do Municipio de Capoeiras e d\u00e1 outras provid\u00eancias.<\/td>\n<td><a href=\"https:\/\/3itserver.com.br\/capoeiras\/wp-content\/uploads\/2023\/02\/Lei-_570_2023.pdf\" target=\"_blank\" rel=\"noopener\">Download<\/a><\/td>\n<\/tr>\n<tr>\n<td>2023<\/td>\n<td>004<\/td>\n<td>Portaria<\/td>\n<td>Nomeia membros para compor o quadro de conselheiros dos conselhos Deliberativo e Fiscal do Instituto de Previd\u00eancia dos Servidores Municipais de Capoeiras &#8211; IPSEC e d\u00e1 outras e provid\u00eancias.<\/td>\n<td><a href=\"https:\/\/3itserver.com.br\/capoeiras\/wp-content\/uploads\/2023\/02\/Portaria_004_2023.pdf\" target=\"_blank\" rel=\"noopener\">Download<\/a><\/td>\n<\/tr>\n<tr>\n<td>2022<\/td>\n<td>555<\/td>\n<td>Lei<\/td>\n<td>Altera os valores dos cargos dos profissionais do magist\u00e9rio do quadro do sistema p\u00fablico de Educa\u00e7\u00e3o de Capoeiras-PE regido pela Lei n&#8221;400, de 02 de agosto de 2010, alterado pela Lel n\u00ba 520\/2020, e os anexos III e IV da mesma Lei e d\u00e1 outras provid\u00eancias<\/td>\n<td><a href=\"https:\/\/3itserver.com.br\/capoeiras\/wp-content\/uploads\/2022\/10\/Lei-555.2022.pdf\" target=\"_blank\" rel=\"noopener\">Download<\/a><\/td>\n<\/tr>\n<tr>\n<td>2022<\/td>\n<td>020<\/td>\n<td>Portaria<\/td>\n<td>Nomeia membro para compor o quadro de suplentes dos conselhos Deliberativo do Instituto de Previd\u00eancia dos Servidores Municipais de Capoeiras &#8211; IPSEC e d\u00e1 outras e provid\u00eancias.<\/td>\n<td><a href=\"https:\/\/3itserver.com.br\/capoeiras\/wp-content\/uploads\/2022\/07\/PORTARIA_020_2022_IPSEC.pdf\" target=\"_blank\" rel=\"noopener\">Download<\/a><\/td>\n<\/tr>\n<tr>\n<td>2022<\/td>\n<td>012<\/td>\n<td>Portaria<\/td>\n<td>Nomeia membro para compor o quadro de suplentes dos conselhos Deliberativo do Instituto de Previd\u00eancia dos Servidores Municipais de Capoeiras &#8211; IPSEC e d\u00e1 outras e provid\u00eancias.<\/td>\n<td><a href=\"https:\/\/3itserver.com.br\/capoeiras\/wp-content\/uploads\/2022\/07\/PORTARIA_012_2022_IPSEC.pdf\" target=\"_blank\" rel=\"noopener\">Download<\/a><\/td>\n<\/tr>\n<tr>\n<td>2022<\/td>\n<td>543<\/td>\n<td>Lei<\/td>\n<td>Fixa o valor do sal\u00e1rio m\u00ednimo dos servidores municipais e d\u00e1 outras provid\u00eancias.<\/td>\n<td><a href=\"https:\/\/3itserver.com.br\/capoeiras\/wp-content\/uploads\/2022\/07\/LEI-N\u00b0-543_2022-1.pdf\" target=\"_blank\" rel=\"noopener\">Download<\/a><\/td>\n<\/tr>\n<tr>\n<td>2022<\/td>\n<td>030<\/td>\n<td>Portaria<\/td>\n<td>Dispensar Maria do Socorro Santos Costa da atribui\u00e7\u00e3o de \u201cGerenciador Master\u201d da unidade jurisdicionada Instituto de Previd\u00eancia dos Servidores Municipais de Capoeiras.<br \/>\nDesignar Ivania Maria de Lima para representar a unidade gestora do Instituto de Previd\u00eancia dos Servidores Municipais de Capoeiras.<\/td>\n<td><a href=\"https:\/\/3itserver.com.br\/capoeiras\/wp-content\/uploads\/2022\/05\/PORTARIA_030_2021_IPSEC.pdf\" target=\"_blank\" rel=\"noopener\">Download<\/a><\/td>\n<\/tr>\n<tr>\n<td>2022<\/td>\n<td>029<\/td>\n<td>Portaria<\/td>\n<td>Dispensar Jorge Carlos da Costa Santos da atribui\u00e7\u00e3o de \u201cGerenciador Master\u201d da unidade jurisdicionada Instituto de Previd\u00eancia dos Servidores Municipais de Capoeiras.<br \/>\nDesignar Luis Carlos Rocha da Silva qualificada para representar a unidade gestora do Instituto de Previd\u00eancia dos Servidores Municipais de Capoeiras.<\/td>\n<td><a href=\"https:\/\/3itserver.com.br\/capoeiras\/wp-content\/uploads\/2022\/05\/PORTARIA_029_2021_IPSEC.pdf\" target=\"_blank\" rel=\"noopener\">Download<\/a><\/td>\n<\/tr>\n<tr>\n<td>2022<\/td>\n<td>028<\/td>\n<td>Portaria<\/td>\n<td>Destituir a senhora Maria do Socorro Santos Costa da fun\u00e7\u00e3o de gerenciadora do sistema E-TCE-PE do Tribuna de Contas do Estado de Pernambuco.<br \/>\nDesignar Ivania Maria de Lima para representar a unidade gestora do IPSEC \u2013 Instituto de Previd\u00eancia dos Servidores Municipais de Capoeiras, como Gerenciadora de Sistema na opera\u00e7\u00e3o do Sistema E-TCE-PE do Tribunal de Contas do Estado de Pernambuco.<\/td>\n<td><a href=\"https:\/\/3itserver.com.br\/capoeiras\/wp-content\/uploads\/2022\/05\/PORTARIA_028_2021_2021.pdf\" target=\"_blank\" rel=\"noopener\">Download<\/a><\/td>\n<\/tr>\n<tr>\n<td>2022<\/td>\n<td>027<\/td>\n<td>Portaria<\/td>\n<td>Destituir a senhora Maria do Socorro Santos Costa da fun\u00e7\u00e3o de gerenciadora do sistema E-CAP do Tribuna de Contas do Estado de Pernambuco.<br \/>\nDesignar Ivania Maria de Lima para representar a unidade gestora do IPSEC \u2013 Instituto de Previd\u00eancia dos Servidores Municipais de Capoeiras, como Gerenciadora de Sistema na opera\u00e7\u00e3o do Sistema E-CAP do Tribunal de Contas do Estado de Pernambuco.<\/td>\n<td><a href=\"https:\/\/3itserver.com.br\/capoeiras\/wp-content\/uploads\/2022\/05\/PORTARIA_27_2021_IPSEC.pdf\" target=\"_blank\" rel=\"noopener\">Download<\/a><\/td>\n<\/tr>\n<tr>\n<td>2022<\/td>\n<td>007<\/td>\n<td>Portaria<\/td>\n<td>Nomeia membros para compor o quadro de suplentes dos conselhos Deliberativo e Fiscal do Instituto de Previd\u00eancia dos Servidores Municipais de Capoeiras &#8211; IPSEC e d\u00e1 outras e provid\u00eancias.<\/td>\n<td><a href=\"https:\/\/3itserver.com.br\/capoeiras\/wp-content\/uploads\/2022\/05\/PORTARIA_007_2022_IPSEC.pdf\" target=\"_blank\" rel=\"noopener\">Download<\/a><\/td>\n<\/tr>\n<tr>\n<td>2022<\/td>\n<td>548<\/td>\n<td>Lei<\/td>\n<td>Altera os valores dos cargos de Nutricionista Escolar, Fonoaudi\u00f3logo Escolar, Secret\u00e1rio Escolar, Psic\u00f3logo Escolar, Analista de Sistema e Suporte de Tecnologia Educacional, Assistente Administrativo Educacional em Inform\u00e1tica, Motorista Escolar Educacional, Auxiliar de Servi\u00e7os Educacionais e Vigia Escolar Educacional, integrantes do Plano de Cargos, carreira e Remunera\u00e7\u00e3o do Pessoal T\u00e9cnico Administrativo da Secretaria Municipal de Educa\u00e7\u00e3o regido pela Lei n\u00ba418, de 03 de abril de 2012, e os anexos llle IV da mesma Lei e d\u00e1 outras provid\u00eancias.<\/td>\n<td><a href=\"https:\/\/3itserver.com.br\/capoeiras\/wp-content\/uploads\/2022\/05\/Lei_548_2022.pdf\" target=\"_blank\" rel=\"noopener\">Download<\/a><\/td>\n<\/tr>\n<tr>\n<td>2022<\/td>\n<td>002<\/td>\n<td>Resolu\u00e7\u00e3o<\/td>\n<td>Concede revis\u00e3o salarial dos Servidores Efetivos da C\u00e2mara Municipal de Capoeiras e d\u00e1 outras provid\u00eancias.<\/td>\n<td><a href=\"https:\/\/3itserver.com.br\/capoeiras\/wp-content\/uploads\/2022\/05\/Resolu\u00e7\u00e3o_C\u00e2mara_-Municipal_de_Capoeiras_002_2022.pdf\" target=\"_blank\" rel=\"noopener\">Download<\/a><\/td>\n<\/tr>\n<tr>\n<td>2021<\/td>\n<td>446<\/td>\n<td>Portaria<\/td>\n<td>Disp\u00f5e sobre a nomea\u00e7\u00e3o da diretoria executiva do Instituto de Previd\u00eancia dos Servidores Municipais de Capoeiras(IPSEC) e d\u00e1 outras provid\u00eancias.<\/td>\n<td><a href=\"https:\/\/3itserver.com.br\/capoeiras\/wp-content\/uploads\/2021\/11\/Portaria-N\u00b0-446.2021-Nomea\u00e7\u00f5es.pdf\" target=\"_blank\" rel=\"noopener\">Download<\/a><\/td>\n<\/tr>\n<tr>\n<td>2020<\/td>\n<td>519<\/td>\n<td>Lei Comp.<\/td>\n<td>Modifica o RPPS de Capoeiras de acordo com a Emenda Constitucional n\u00ba 103, de 2019.<\/td>\n<td><a href=\"https:\/\/3itserver.com.br\/capoeiras\/wp-content\/uploads\/2020\/10\/Capoeiras-Lei519.2020.pdf\" target=\"_blank\" rel=\"noopener\">Download<\/a><\/td>\n<\/tr>\n<tr>\n<td>2009<\/td>\n<td>386<\/td>\n<td>Lei<\/td>\n<td>Reestrutura o RPPS de Capoeiras e d\u00e1 outras provid\u00eancias.<\/td>\n<td><a href=\"https:\/\/3itserver.com.br\/capoeiras\/wp-content\/uploads\/2020\/10\/Lei.n.386_2009.pdf\" target=\"_blank\" rel=\"noopener\">Download<\/a><\/td>\n<\/tr>\n<\/tbody>\n<\/table>\n","protected":false},"excerpt":{"rendered":"<p>Ano N\u00fam. Documento Descri\u00e7\u00e3o Visualizar 2025 014 Portaria Disp\u00f5e sobre o recadastramento dos servidores p\u00fablicos municipais inativos e pensionistas do Munic\u00edpio de Capoeiras e da outras provid\u00eancias. Download 2025 005 Portaria Nomeia membros para compor o quadro de conselheiros dos conselhos Deliberativo e Fiscal do Instituto de Previd\u00eancia dos Servidores Municipais de Capoeiras &#8211; IPSEC [&hellip;]<\/p>\n","protected":false},"author":1,"featured_media":0,"parent":140,"menu_order":0,"comment_status":"closed","ping_status":"closed","template":"","meta":{"_et_pb_use_builder":"","_et_pb_old_content":"","_et_gb_content_width":"","footnotes":""},"class_list":["post-156","page","type-page","status-publish","hentry"],"_links":{"self":[{"href":"https:\/\/3itserver.com.br\/capoeiras\/wp-json\/wp\/v2\/pages\/156","targetHints":{"allow":["GET"]}}],"collection":[{"href":"https:\/\/3itserver.com.br\/capoeiras\/wp-json\/wp\/v2\/pages"}],"about":[{"href":"https:\/\/3itserver.com.br\/capoeiras\/wp-json\/wp\/v2\/types\/page"}],"author":[{"embeddable":true,"href":"https:\/\/3itserver.com.br\/capoeiras\/wp-json\/wp\/v2\/users\/1"}],"replies":[{"embeddable":true,"href":"https:\/\/3itserver.com.br\/capoeiras\/wp-json\/wp\/v2\/comments?post=156"}],"version-history":[{"count":24,"href":"https:\/\/3itserver.com.br\/capoeiras\/wp-json\/wp\/v2\/pages\/156\/revisions"}],"predecessor-version":[{"id":2018,"href":"https:\/\/3itserver.com.br\/capoeiras\/wp-json\/wp\/v2\/pages\/156\/revisions\/2018"}],"up":[{"embeddable":true,"href":"https:\/\/3itserver.com.br\/capoeiras\/wp-json\/wp\/v2\/pages\/140"}],"wp:attachment":[{"href":"https:\/\/3itserver.com.br\/capoeiras\/wp-json\/wp\/v2\/media?parent=156"}],"curies":[{"name":"wp","href":"https:\/\/api.w.org\/{rel}","templated":true}]}}