{"id":142,"date":"2019-02-19T16:41:10","date_gmt":"2019-02-19T19:41:10","guid":{"rendered":"http:\/\/ipseccapoeiras.com.br\/\/?page_id=142"},"modified":"2025-09-26T20:42:08","modified_gmt":"2025-09-26T23:42:08","slug":"beneficios-concedidos","status":"publish","type":"page","link":"https:\/\/3itserver.com.br\/capoeiras\/governanca-corporativa\/beneficios-concedidos\/","title":{"rendered":"Benef\u00edcios Concedidos"},"content":{"rendered":"<table id=\"datatables\" class=\"hover\" width=\"100%\">\n<thead>\n<tr>\n<th>Ano<\/th>\n<th>N\u00fam.<\/th>\n<th>Descri\u00e7\u00e3o<\/th>\n<th>Visualizar<\/th>\n<\/tr>\n<\/thead>\n<tbody>\n<tr>\n<td>2025<\/td>\n<td>18<\/td>\n<td>CONCEDER aposentadoria a QUITERIA RODRIGUES DE LIMA<\/td>\n<td><a href=\"https:\/\/3itserver.com.br\/capoeiras\/wp-content\/uploads\/2025\/09\/PORTARIA_18_2025.pdf\" target=\"_blank\" rel=\"noopener\"><i class=\"fa fa-file\" data-raofz=\"13\"><\/i> Visualizar<\/a><\/td>\n<\/tr>\n<tr>\n<td>2025<\/td>\n<td>17<\/td>\n<td>CONCEDER aposentadoria a MARIA NADJA DOS SANTOS<\/td>\n<td><a href=\"https:\/\/3itserver.com.br\/capoeiras\/wp-content\/uploads\/2025\/09\/PORTARIA_17_2025_Maria_Nadja.pdf\" target=\"_blank\" rel=\"noopener\"><i class=\"fa fa-file\" data-raofz=\"13\"><\/i> Visualizar<\/a><\/td>\n<\/tr>\n<tr>\n<td>2025<\/td>\n<td>16<\/td>\n<td>CONCEDER aposentadoria a IVONETE BEZERRA VILELA<\/td>\n<td><a href=\"https:\/\/3itserver.com.br\/capoeiras\/wp-content\/uploads\/2025\/09\/PORTARIA-_16_2025.pdf\" target=\"_blank\" rel=\"noopener\"><i class=\"fa fa-file\" data-raofz=\"13\"><\/i> Visualizar<\/a><\/td>\n<\/tr>\n<tr>\n<td>2025<\/td>\n<td>15<\/td>\n<td>CONCEDER aposentadoria a JOS\u00c9 SEBASTI\u00c3O SOARES<\/td>\n<td><a href=\"https:\/\/3itserver.com.br\/capoeiras\/wp-content\/uploads\/2025\/09\/PORTARIA_15_2025.pdf\" target=\"_blank\" rel=\"noopener\"><i class=\"fa fa-file\" data-raofz=\"13\"><\/i> Visualizar<\/a><\/td>\n<\/tr>\n<tr>\n<td>2025<\/td>\n<td>13<\/td>\n<td>Conceder aposentadoria a LUIZ FERREIRA DA SILVA<\/td>\n<td><a href=\"https:\/\/3itserver.com.br\/capoeiras\/wp-content\/uploads\/2025\/09\/PORTARIA_13.pdf\" target=\"_blank\" rel=\"noopener\"><i class=\"fa fa-file\" data-raofz=\"13\"><\/i> Visualizar<\/a><\/td>\n<\/tr>\n<tr>\n<td>2025<\/td>\n<td>12<\/td>\n<td>Conceder aposentadoria a Maria ANDERLITA DA SILVA COSTA<\/td>\n<td><a href=\"https:\/\/3itserver.com.br\/capoeiras\/wp-content\/uploads\/2025\/09\/PORTARIA_12.pdf\" target=\"_blank\" rel=\"noopener\"><i class=\"fa fa-file\" data-raofz=\"13\"><\/i> Visualizar<\/a><\/td>\n<\/tr>\n<tr>\n<td>2025<\/td>\n<td>11<\/td>\n<td>Conceder aposentadoria a Maria Cicera Ferreira da Silva Santos<\/td>\n<td><a href=\"https:\/\/3itserver.com.br\/capoeiras\/wp-content\/uploads\/2025\/09\/PORTARIA-NC2BA-11.pdf\" target=\"_blank\" rel=\"noopener\"><i class=\"fa fa-file\" data-raofz=\"13\"><\/i> Visualizar<\/a><\/td>\n<\/tr>\n<tr>\n<td>2025<\/td>\n<td>10<\/td>\n<td>Conceder aposentadoria a Jos\u00e9 de M\u00e9lo Pontes<\/td>\n<td><a href=\"https:\/\/3itserver.com.br\/capoeiras\/wp-content\/uploads\/2025\/09\/PORTARIA-NC2BA-10-Jose-de-Melo.pdf\" target=\"_blank\" rel=\"noopener\"><i class=\"fa fa-file\" data-raofz=\"13\"><\/i> Visualizar<\/a><\/td>\n<\/tr>\n<tr>\n<td>2025<\/td>\n<td>09<\/td>\n<td>Conceder aposentadoria a Alzira Cezario da Silva Cavalcate<\/td>\n<td><a href=\"https:\/\/3itserver.com.br\/capoeiras\/wp-content\/uploads\/2025\/09\/PORTARIA-NC2BA-09-Alzira-Cezario.pdf\" target=\"_blank\" rel=\"noopener\"><i class=\"fa fa-file\" data-raofz=\"13\"><\/i> Visualizar<\/a><\/td>\n<\/tr>\n<tr>\n<td>2025<\/td>\n<td>08<\/td>\n<td>Conceder aposentadoria a Maria das Neves da Costa Silva<\/td>\n<td><a href=\"https:\/\/3itserver.com.br\/capoeiras\/wp-content\/uploads\/2025\/09\/PORTARIA-NC2BA-08-Maria-das-Neves.pdf\" target=\"_blank\" rel=\"noopener\"><i class=\"fa fa-file\" data-raofz=\"13\"><\/i> Visualizar<\/a><\/td>\n<\/tr>\n<tr>\n<td>2025<\/td>\n<td>07<\/td>\n<td>Conceder aposentadoria a Geraldo de Oliveira Neves<\/td>\n<td><a href=\"https:\/\/3itserver.com.br\/capoeiras\/wp-content\/uploads\/2025\/09\/PORTARIA-NC2BA-07-Geraldo.pdf\" target=\"_blank\" rel=\"noopener\"><i class=\"fa fa-file\" data-raofz=\"13\"><\/i> Visualizar<\/a><\/td>\n<\/tr>\n<tr>\n<td>2025<\/td>\n<td>06<\/td>\n<td>Anular a portaria n\u00ba 01\/2025 e conceder pens\u00e3o por morte a Maura Doralice dos Santos<\/td>\n<td><a href=\"https:\/\/3itserver.com.br\/capoeiras\/wp-content\/uploads\/2025\/09\/PORTARIA-NC2BA-06-Maura-Doralice.pdf\" target=\"_blank\" rel=\"noopener\"><i class=\"fa fa-file\" data-raofz=\"13\"><\/i> Visualizar<\/a><\/td>\n<\/tr>\n<tr>\n<td>2025<\/td>\n<td>04<\/td>\n<td>Conceder pens\u00e3o por morte a Luiz Ferreira da Costa<\/td>\n<td><a href=\"https:\/\/3itserver.com.br\/capoeiras\/wp-content\/uploads\/2025\/09\/PORTARIA-NC2BA-04-Luiz-Ferreira.pdf\" target=\"_blank\" rel=\"noopener\"><i class=\"fa fa-file\" data-raofz=\"13\"><\/i> Visualizar<\/a><\/td>\n<\/tr>\n<tr>\n<td>2025<\/td>\n<td>02<\/td>\n<td>Conceder pens\u00e3o por morte a Luiz Ferreira da Costa<\/td>\n<td><a href=\"https:\/\/3itserver.com.br\/capoeiras\/wp-content\/uploads\/2025\/09\/PORTARIA-NC2BA-02-Luiz-Ferreira.pdf\" target=\"_blank\" rel=\"noopener\"><i class=\"fa fa-file\" data-raofz=\"13\"><\/i> Visualizar<\/a><\/td>\n<\/tr>\n<tr>\n<td>2025<\/td>\n<td>01<\/td>\n<td>Conceder pens\u00e3o por morte a Maura Doralice dos Santos<\/td>\n<td><a href=\"https:\/\/3itserver.com.br\/capoeiras\/wp-content\/uploads\/2025\/09\/PORTARIA-NC2BA-01-Maura-Doralice.pdf\" target=\"_blank\" rel=\"noopener\"><i class=\"fa fa-file\" data-raofz=\"13\"><\/i> Visualizar<\/a><\/td>\n<\/tr>\n<tr>\n<td>2024<\/td>\n<td>24<\/td>\n<td>Conceder aposentadoria a Vanderlita da Silva Costa<\/td>\n<td><a href=\"https:\/\/3itserver.com.br\/capoeiras\/wp-content\/uploads\/2025\/02\/PORTARIA_24_2024.pdf\" target=\"_blank\" rel=\"noopener\"><i class=\"fa fa-file\" data-raofz=\"13\"><\/i> Visualizar<\/a><\/td>\n<\/tr>\n<tr>\n<td>2024<\/td>\n<td>23<\/td>\n<td>Conceder pens\u00e3o por morte a Raine da Silva<\/td>\n<td><a href=\"https:\/\/3itserver.com.br\/capoeiras\/wp-content\/uploads\/2025\/02\/PORTARIA_23_2024.pdf\" target=\"_blank\" rel=\"noopener\"><i class=\"fa fa-file\" data-raofz=\"13\"><\/i> Visualizar<\/a><\/td>\n<\/tr>\n<tr>\n<td>2024<\/td>\n<td>22<\/td>\n<td>Conceder aposentadoria a Ivonete Coutinho da Silva<\/td>\n<td><a href=\"https:\/\/3itserver.com.br\/capoeiras\/wp-content\/uploads\/2025\/02\/PORTARIA_22_2024.pdf\" target=\"_blank\" rel=\"noopener\"><i class=\"fa fa-file\" data-raofz=\"13\"><\/i> Visualizar<\/a><\/td>\n<\/tr>\n<tr>\n<td>2024<\/td>\n<td>21<\/td>\n<td>Conceder aposentadoria a Sandreane Tavares de Melo Cordeiro<\/td>\n<td><a href=\"https:\/\/3itserver.com.br\/capoeiras\/wp-content\/uploads\/2025\/02\/PORTARIA_21_2024.pdf\" target=\"_blank\" rel=\"noopener\"><i class=\"fa fa-file\" data-raofz=\"13\"><\/i> Visualizar<\/a><\/td>\n<\/tr>\n<tr>\n<td>2024<\/td>\n<td>20<\/td>\n<td>Conceder aposentadoria a Dalva Maria de Melo<\/td>\n<td><a href=\"https:\/\/3itserver.com.br\/capoeiras\/wp-content\/uploads\/2024\/11\/PORTARIA_20_2024-CONCEDER-aposentadoria-Volunt\u00e1ria-por-Idade-a-servidora.pdf\" target=\"_blank\" rel=\"noopener\"><i class=\"fa fa-file\" data-raofz=\"13\"><\/i> Visualizar<\/a><\/td>\n<\/tr>\n<tr>\n<td>2024<\/td>\n<td>19<\/td>\n<td>Conceder aposentadoria a Josefa Nazaria Gueiros<\/td>\n<td><a href=\"https:\/\/3itserver.com.br\/capoeiras\/wp-content\/uploads\/2024\/11\/PORTARIA_19_2024-CONCEDER-aposentadoria-Volunt\u00e1ria-por-Idade-a-servidora-Josefa-Nazaria-Gueiros.pdf\" target=\"_blank\" rel=\"noopener\"><i class=\"fa fa-file\" data-raofz=\"13\"><\/i> Visualizar<\/a><\/td>\n<\/tr>\n<tr>\n<td>2024<\/td>\n<td>18<\/td>\n<td>Conceder aposentadoria a Marcia Betania de Melo Macedo<\/td>\n<td><a href=\"https:\/\/3itserver.com.br\/capoeiras\/wp-content\/uploads\/2024\/11\/PORTARIA_18_2024-CONCEDER-aposentadoria-Volunt\u00e1ria-por-Idade-a-servidora-Marcia-Betania-de-Melo-Macedo.pdf\" target=\"_blank\" rel=\"noopener\"><i class=\"fa fa-file\" data-raofz=\"13\"><\/i> Visualizar<\/a><\/td>\n<\/tr>\n<tr>\n<td>2024<\/td>\n<td>17<\/td>\n<td>Conceder aposentadoria a Jos\u00e9 de Siqueira Godoi<\/td>\n<td><a href=\"https:\/\/3itserver.com.br\/capoeiras\/wp-content\/uploads\/2024\/11\/PORTARIA_17_2024-CONCEDER-aposentadoria-Volunt\u00e1ria-por-Idade-e-Tempo-de-contribui\u00e7\u00e3o-ao-servidor-Jos\u00e9-de-Siqueira-Godoi.pdf\" target=\"_blank\" rel=\"noopener\"><i class=\"fa fa-file\" data-raofz=\"13\"><\/i> Visualizar<\/a><\/td>\n<\/tr>\n<tr>\n<td>2024<\/td>\n<td>16<\/td>\n<td>Conceder aposentadoria a Nerivania Leandro Baia Santos<\/td>\n<td><a href=\"https:\/\/3itserver.com.br\/capoeiras\/wp-content\/uploads\/2024\/11\/PORTARIA_16_2024-CONCEDER-Aposentadoria-Especial-Magist\u00e9rio-a-servidora-Nerivania-Leandro-Baia-Santos.pdf\" target=\"_blank\" rel=\"noopener\"><i class=\"fa fa-file\" data-raofz=\"13\"><\/i> Visualizar<\/a><\/td>\n<\/tr>\n<tr>\n<td>2024<\/td>\n<td>15<\/td>\n<td>Conceder Pens\u00e3o por morte a Raiane da Silva<\/td>\n<td><a href=\"https:\/\/3itserver.com.br\/capoeiras\/wp-content\/uploads\/2024\/11\/PORTARIA_15_2024-CONCEDER-pens\u00e3o-por-morte-a-RAINE-DA-SILVA.pdf\" target=\"_blank\" rel=\"noopener\"><i class=\"fa fa-file\" data-raofz=\"13\"><\/i> Visualizar<\/a><\/td>\n<\/tr>\n<tr>\n<td>2024<\/td>\n<td>14<\/td>\n<td>Conceder aposentadoria a Luciana C\u00e2ndido de Morais<\/td>\n<td><a href=\"https:\/\/3itserver.com.br\/capoeiras\/wp-content\/uploads\/2024\/11\/PORTARIA_14_2024-CONCEDER-Aposentadoria-Especial-Magist\u00e9rio-a-servidora-Luciana-C\u00e2ndido-de-Morais.pdf\" target=\"_blank\" rel=\"noopener\"><i class=\"fa fa-file\" data-raofz=\"13\"><\/i> Visualizar<\/a><\/td>\n<\/tr>\n<tr>\n<td>2024<\/td>\n<td>13<\/td>\n<td>Conceder aposentadoria a Edileusa Ordonio dos Santos Silva<\/td>\n<td><a href=\"https:\/\/3itserver.com.br\/capoeiras\/wp-content\/uploads\/2024\/11\/PORTARIA_13_2024-CONCEDER-Aposentadoria-Especial-Magist\u00e9rio-a-servidora-Edileusa-Ordonio-dos-Santos-Silva.pdf\" target=\"_blank\" rel=\"noopener\"><i class=\"fa fa-file\" data-raofz=\"13\"><\/i> Visualizar<\/a><\/td>\n<\/tr>\n<tr>\n<td>2024<\/td>\n<td>07<\/td>\n<td>Conceder aposentadoria a Jos\u00e9 Ferreira de Noronha<\/td>\n<td><a href=\"https:\/\/3itserver.com.br\/capoeiras\/wp-content\/uploads\/2024\/08\/PORTARIA_07.pdf\" target=\"_blank\" rel=\"noopener\"><i class=\"fa fa-file\" data-raofz=\"13\"><\/i> Visualizar<\/a><\/td>\n<\/tr>\n<tr>\n<td>2024<\/td>\n<td>08<\/td>\n<td>Conceder aposentadoria a Jos\u00e9 Agustinho da Silva<\/td>\n<td><a href=\"https:\/\/3itserver.com.br\/capoeiras\/wp-content\/uploads\/2024\/08\/PORTARIA_08.pdf\" target=\"_blank\" rel=\"noopener\"><i class=\"fa fa-file\" data-raofz=\"13\"><\/i> Visualizar<\/a><\/td>\n<\/tr>\n<tr>\n<td>2024<\/td>\n<td>09<\/td>\n<td>Conceder aposentadoria a Maria Geane Soares Teixeira Lira<\/td>\n<td><a href=\"https:\/\/3itserver.com.br\/capoeiras\/wp-content\/uploads\/2024\/08\/PORTARIA_09.pdf\" target=\"_blank\" rel=\"noopener\"><i class=\"fa fa-file\" data-raofz=\"13\"><\/i> Visualizar<\/a><\/td>\n<\/tr>\n<tr>\n<td>2024<\/td>\n<td>10<\/td>\n<td>Conceder aposentadoria a Zuleide Quiteria Vilela Silva<\/td>\n<td><a href=\"https:\/\/3itserver.com.br\/capoeiras\/wp-content\/uploads\/2024\/08\/PORTARIA_10.pdf\" target=\"_blank\" rel=\"noopener\"><i class=\"fa fa-file\" data-raofz=\"13\"><\/i> Visualizar<\/a><\/td>\n<\/tr>\n<tr>\n<td>2024<\/td>\n<td>11<\/td>\n<td>Conceder aposentadoria a Maria Lucia Louren\u00e7o da Silva<\/td>\n<td><a href=\"https:\/\/3itserver.com.br\/capoeiras\/wp-content\/uploads\/2024\/08\/PORTARIA_11.pdf\" target=\"_blank\" rel=\"noopener\"><i class=\"fa fa-file\" data-raofz=\"13\"><\/i> Visualizar<\/a><\/td>\n<\/tr>\n<tr>\n<td>2024<\/td>\n<td>12<\/td>\n<td>Conceder aposentadoria a Cicero Jos\u00e9 Zacarias<\/td>\n<td><a href=\"https:\/\/3itserver.com.br\/capoeiras\/wp-content\/uploads\/2024\/08\/PORTARIA_12.pdf\" target=\"_blank\" rel=\"noopener\"><i class=\"fa fa-file\" data-raofz=\"13\"><\/i> Visualizar<\/a><\/td>\n<\/tr>\n<tr>\n<td>2024<\/td>\n<td>06<\/td>\n<td>Conceder aposentadoria a Carlos Roberto da Silva Melo<\/td>\n<td><a href=\"https:\/\/3itserver.com.br\/capoeiras\/wp-content\/uploads\/2024\/04\/PORTARIA_06_2024.pdf\" target=\"_blank\" rel=\"noopener\">Download<\/a><\/td>\n<\/tr>\n<tr>\n<td>2024<\/td>\n<td>05<\/td>\n<td>Conceder aposentadoria a Damiana Valen\u00e7a da Costa Teixeira<\/td>\n<td><a href=\"https:\/\/3itserver.com.br\/capoeiras\/wp-content\/uploads\/2024\/02\/PORTARIA_05_2024.pdf\" target=\"_blank\" rel=\"noopener\">Download<\/a><\/td>\n<\/tr>\n<tr>\n<td>2024<\/td>\n<td>04<\/td>\n<td>Conceder aposentadoria a Ros\u00e2ngela Maria Bezerra de Almeida<\/td>\n<td><a href=\"https:\/\/3itserver.com.br\/capoeiras\/wp-content\/uploads\/2024\/02\/PORTARIA_04_2024.pdf\" target=\"_blank\" rel=\"noopener\">Download<\/a><\/td>\n<\/tr>\n<tr>\n<td>2024<\/td>\n<td>03<\/td>\n<td>Conceder aposentadoria a Rosana das Neves Souto Albuquerque<\/td>\n<td><a href=\"https:\/\/3itserver.com.br\/capoeiras\/wp-content\/uploads\/2024\/02\/PORTARIA_03_2024.pdf\" target=\"_blank\" rel=\"noopener\">Download<\/a><\/td>\n<\/tr>\n<tr>\n<td>2024<\/td>\n<td>02<\/td>\n<td>Conceder pens\u00e3o por morte ao Jos\u00e9 Gilson de Siqueira<\/td>\n<td><a href=\"https:\/\/3itserver.com.br\/capoeiras\/wp-content\/uploads\/2024\/02\/PORTARIA_02_2024.pdf\" target=\"_blank\" rel=\"noopener\">Download<\/a><\/td>\n<\/tr>\n<tr>\n<td>2024<\/td>\n<td>01<\/td>\n<td>Conceder pens\u00e3o por morte ao Jos\u00e9 Gilson de Siqueira<\/td>\n<td><a href=\"https:\/\/3itserver.com.br\/capoeiras\/wp-content\/uploads\/2024\/02\/PORTARIA_01_2024.pdf\" target=\"_blank\" rel=\"noopener\">Download<\/a><\/td>\n<\/tr>\n<tr>\n<td>2023<\/td>\n<td>25<\/td>\n<td>Conceder pens\u00e3o por morte ao Jos\u00e9 Bernardo da Costa<\/td>\n<td><a href=\"https:\/\/3itserver.com.br\/capoeiras\/wp-content\/uploads\/2024\/02\/PORTARIA_025_2023.pdf\" target=\"_blank\" rel=\"noopener\">Download<\/a><\/td>\n<\/tr>\n<tr>\n<td>2023<\/td>\n<td>24<\/td>\n<td>Conceder Pens\u00e3o por morte ao Sr Jos\u00e9 Bernado da Costa<\/td>\n<td><a href=\"https:\/\/3itserver.com.br\/capoeiras\/wp-content\/uploads\/2023\/11\/PORTARIA_024_2023.pdf\" target=\"_blank\" rel=\"noopener\">Download<\/a><\/td>\n<\/tr>\n<tr>\n<td>2023<\/td>\n<td>23<\/td>\n<td>Conceder aposentadoria a Sra J\u00falia Almeida Calado Silva<\/td>\n<td><a href=\"https:\/\/3itserver.com.br\/capoeiras\/wp-content\/uploads\/2023\/11\/PORTARIA_023_2023.pdf\" target=\"_blank\" rel=\"noopener\">Download<\/a><\/td>\n<\/tr>\n<tr>\n<td>2023<\/td>\n<td>22<\/td>\n<td>Conceder Pens\u00e3o por morte ao Sr Jos\u00e9 Jo\u00e3o da Silva<\/td>\n<td><a href=\"https:\/\/3itserver.com.br\/capoeiras\/wp-content\/uploads\/2023\/11\/PORTARIA_022_2023.pdf\" target=\"_blank\" rel=\"noopener\">Download<\/a><\/td>\n<\/tr>\n<tr>\n<td>2023<\/td>\n<td>21<\/td>\n<td>Conceder aposentadoria a Sra Maria Dijanira de Lima Silva<\/td>\n<td><a href=\"https:\/\/3itserver.com.br\/capoeiras\/wp-content\/uploads\/2023\/11\/PORTARIA_021_2023.pdf\" target=\"_blank\" rel=\"noopener\">Download<\/a><\/td>\n<\/tr>\n<tr>\n<td>2023<\/td>\n<td>20<\/td>\n<td>Conceder aposentadoria a Sra Maria das Dores Almeida da Silva<\/td>\n<td><a href=\"https:\/\/3itserver.com.br\/capoeiras\/wp-content\/uploads\/2023\/11\/PORTARIA_020_2023.pdf\" target=\"_blank\" rel=\"noopener\">Download<\/a><\/td>\n<\/tr>\n<tr>\n<td>2023<\/td>\n<td>19<\/td>\n<td>Conceder aposentadoria a Sra Valdeci Soares Barbosa<\/td>\n<td><a href=\"https:\/\/3itserver.com.br\/capoeiras\/wp-content\/uploads\/2023\/11\/PORTARIA_019_2023.pdf\" target=\"_blank\" rel=\"noopener\">Download<\/a><\/td>\n<\/tr>\n<tr>\n<td>2023<\/td>\n<td>18<\/td>\n<td>Conceder aposentadoria a Sra. Maria Jos\u00e9 Tavares Batista<\/td>\n<td><a href=\"https:\/\/3itserver.com.br\/capoeiras\/wp-content\/uploads\/2023\/08\/PORTARIA-N\u00ba-018-Valdeci-Soares.pdf\" target=\"_blank\" rel=\"noopener\">Download<\/a><\/td>\n<\/tr>\n<tr>\n<td>2023<\/td>\n<td>17<\/td>\n<td>Conceder aposentadoria a Sra. Rejane Paes dos Santos<\/td>\n<td><a href=\"https:\/\/3itserver.com.br\/capoeiras\/wp-content\/uploads\/2023\/08\/PORTARIA-N\u00ba-017-Maria-Lucia.pdf\" target=\"_blank\" rel=\"noopener\">Download<\/a><\/td>\n<\/tr>\n<tr>\n<td>2023<\/td>\n<td>16<\/td>\n<td>Conceder aposentadoria a Sra. Maria Jos\u00e9 Tavares Batista<\/td>\n<td><a href=\"https:\/\/3itserver.com.br\/capoeiras\/wp-content\/uploads\/2023\/06\/PORTARIA_16_2023.pdf\" target=\"_blank\" rel=\"noopener\">Download<\/a><\/td>\n<\/tr>\n<tr>\n<td>2023<\/td>\n<td>15<\/td>\n<td>Conceder aposentadoria a Sra. Rejane Paes dos Santos<\/td>\n<td><a href=\"https:\/\/3itserver.com.br\/capoeiras\/wp-content\/uploads\/2023\/06\/PORTARIA_15_2023.pdf\" target=\"_blank\" rel=\"noopener\">Download<\/a><\/td>\n<\/tr>\n<tr>\n<td>2023<\/td>\n<td>14<\/td>\n<td>Conceder aposentadoria a Sra. Josinalda T\u00e9norio SOuto Calado<\/td>\n<td><a href=\"https:\/\/3itserver.com.br\/capoeiras\/wp-content\/uploads\/2023\/05\/PORTARIA_14_2023.pdf\" target=\"_blank\" rel=\"noopener\">Download<\/a><\/td>\n<\/tr>\n<tr>\n<td>2023<\/td>\n<td>13<\/td>\n<td>Conceder aposentadoria a Sra. Maria Luiza Bezerra Santos<\/td>\n<td><a href=\"https:\/\/3itserver.com.br\/capoeiras\/wp-content\/uploads\/2023\/05\/PORTARIA_13_2023.pdf\" target=\"_blank\" rel=\"noopener\">Download<\/a><\/td>\n<\/tr>\n<tr>\n<td>2023<\/td>\n<td>11<\/td>\n<td>Conceder pens\u00e3o por morte ao Sr. Jos\u00e9 Jo\u00e3o da Silva<\/td>\n<td><a href=\"https:\/\/3itserver.com.br\/capoeiras\/wp-content\/uploads\/2023\/05\/PORTARIA_11_2023.pdf\" target=\"_blank\" rel=\"noopener\">Download<\/a><\/td>\n<\/tr>\n<tr>\n<td>2023<\/td>\n<td>10<\/td>\n<td>Conceder aposentadoria a Sra. Josefa Jovelina da Silva<\/td>\n<td><a href=\"https:\/\/3itserver.com.br\/capoeiras\/wp-content\/uploads\/2023\/05\/PORTARIA_10_2023.pdf\" target=\"_blank\" rel=\"noopener\">Download<\/a><\/td>\n<\/tr>\n<tr>\n<td>2023<\/td>\n<td>09<\/td>\n<td>Conceder aposentadoria a Sra. Maria das Dores Almeida da Silva<\/td>\n<td><a href=\"https:\/\/3itserver.com.br\/capoeiras\/wp-content\/uploads\/2023\/05\/PORTARIA_09_2023.pdf\" target=\"_blank\" rel=\"noopener\">Download<\/a><\/td>\n<\/tr>\n<tr>\n<td>2023<\/td>\n<td>08<\/td>\n<td>Revogar Pens\u00e3o por morte do Sr Jos\u00e9 Carneiro Maciel<\/td>\n<td><a href=\"https:\/\/3itserver.com.br\/capoeiras\/wp-content\/uploads\/2023\/03\/PORTARIA_08_2023.pdf\" target=\"_blank\" rel=\"noopener\">Download<\/a><\/td>\n<\/tr>\n<tr>\n<td>2023<\/td>\n<td>07<\/td>\n<td>Revogar Pens\u00e3o por morte da Sra. Vera Lucia de Oliveira Costa<\/td>\n<td><a href=\"https:\/\/3itserver.com.br\/capoeiras\/wp-content\/uploads\/2023\/03\/PORTARIA_07_2023.pdf\" target=\"_blank\" rel=\"noopener\">Download<\/a><\/td>\n<\/tr>\n<tr>\n<td>2023<\/td>\n<td>06<\/td>\n<td>Conceder aposentadoria a Sra. Rejane Paes dos Santos<\/td>\n<td><a href=\"https:\/\/3itserver.com.br\/capoeiras\/wp-content\/uploads\/2023\/03\/PORTARIA_06_2023.pdf\" target=\"_blank\" rel=\"noopener\">Download<\/a><\/td>\n<\/tr>\n<tr>\n<td>2023<\/td>\n<td>05<\/td>\n<td>Revogar Pens\u00e3o por morte do Sr. Leonardo Rocha Vilela<\/td>\n<td><a href=\"https:\/\/3itserver.com.br\/capoeiras\/wp-content\/uploads\/2023\/03\/PORTARIA_05_2023.pdf\" target=\"_blank\" rel=\"noopener\">Download<\/a><\/td>\n<\/tr>\n<tr>\n<td>2023<\/td>\n<td>03<\/td>\n<td>Conceder aposentadoria a Sra. Maria Jos\u00e9 Cordeiro da Silva<\/td>\n<td><a href=\"https:\/\/3itserver.com.br\/capoeiras\/wp-content\/uploads\/2023\/02\/Portaria_003_2023.pdf\" target=\"_blank\" rel=\"noopener\">Download<\/a><\/td>\n<\/tr>\n<tr>\n<td>2023<\/td>\n<td>02<\/td>\n<td>Conceder aposentadoria a Sr. Luiz Louren\u00e7o da Silva<\/td>\n<td><a href=\"https:\/\/3itserver.com.br\/capoeiras\/wp-content\/uploads\/2023\/02\/Portaria_002_2023.pdf\" target=\"_blank\" rel=\"noopener\">Download<\/a><\/td>\n<\/tr>\n<tr>\n<td>2023<\/td>\n<td>01<\/td>\n<td>Conceder aposentadoria a Sra. Maria do Socorro Alfredo Silva<\/td>\n<td><a href=\"https:\/\/3itserver.com.br\/capoeiras\/wp-content\/uploads\/2023\/02\/Portaria_001_2023.pdf\" target=\"_blank\" rel=\"noopener\">Download<\/a><\/td>\n<\/tr>\n<tr>\n<td>2022<\/td>\n<td>32<\/td>\n<td>Conceder aposentadoria a Sra. Juraci Barbosa Alexandre<\/td>\n<td><a href=\"https:\/\/3itserver.com.br\/capoeiras\/wp-content\/uploads\/2023\/01\/PORTARIA_032_Juraci.pdf\" target=\"_blank\" rel=\"noopener\">Download<\/a><\/td>\n<\/tr>\n<tr>\n<td>2022<\/td>\n<td>31<\/td>\n<td>Conceder aposentadoria a Sra. Valdeci Soares Barbosa<\/td>\n<td><a href=\"https:\/\/3itserver.com.br\/capoeiras\/wp-content\/uploads\/2023\/01\/PORTARIA_031_Valdeci.pdf\" target=\"_blank\" rel=\"noopener\">Download<\/a><\/td>\n<\/tr>\n<tr>\n<td>2022<\/td>\n<td>30<\/td>\n<td>Conceder aposentadoria a Sra. Zeneide Ferreira de Moraes<\/td>\n<td><a href=\"https:\/\/3itserver.com.br\/capoeiras\/wp-content\/uploads\/2023\/01\/PORTARIA_030_Zeneide.pdf\" target=\"_blank\" rel=\"noopener\">Download<\/a><\/td>\n<\/tr>\n<tr>\n<td>2022<\/td>\n<td>29<\/td>\n<td>Conceder pens\u00e3o por morte a Sra. Vera Lucia de Oliveira Costa<\/td>\n<td><a href=\"https:\/\/3itserver.com.br\/capoeiras\/wp-content\/uploads\/2022\/10\/Portaria-029.2022-Pens\u00e3o-Vera-Lucia.pdf\" target=\"_blank\" rel=\"noopener\">Download<\/a><\/td>\n<\/tr>\n<tr>\n<td>2022<\/td>\n<td>28<\/td>\n<td>Conceder pens\u00e3o por morte ao Sr. Jose Cordeiro Maicel<\/td>\n<td><a href=\"https:\/\/3itserver.com.br\/capoeiras\/wp-content\/uploads\/2022\/10\/Portaria-028.2022-Pens\u00e3o-Jose-Cordeiro.pdf\" target=\"_blank\" rel=\"noopener\">Download<\/a><\/td>\n<\/tr>\n<tr>\n<td>2022<\/td>\n<td>27<\/td>\n<td>Conceder aposentadoria a Sra. Maria de Fatima Vieira Santos Pessoa<\/td>\n<td><a href=\"https:\/\/3itserver.com.br\/capoeiras\/wp-content\/uploads\/2022\/10\/Portaria-027.2022-Aposentadoria-Maria-de-Fatima.pdf\" target=\"_blank\" rel=\"noopener\">Download<\/a><\/td>\n<\/tr>\n<tr>\n<td>2022<\/td>\n<td>26<\/td>\n<td>Conceder aposentadoria a Sra. Maria Dijanira de Lima Silva<\/td>\n<td><a href=\"https:\/\/3itserver.com.br\/capoeiras\/wp-content\/uploads\/2022\/10\/Portaria-026.2022-Aposentadoria-Maria-Dijanira.pdf\" target=\"_blank\" rel=\"noopener\">Download<\/a><\/td>\n<\/tr>\n<tr>\n<td>2022<\/td>\n<td>25<\/td>\n<td>Conceder aposentadoria a Sra. Maria Dijanira de Lima Silva<\/td>\n<td><a href=\"https:\/\/3itserver.com.br\/capoeiras\/wp-content\/uploads\/2022\/10\/Portaria-025.2022-Aposentadoria-Maria-Dijanira.pdf\" target=\"_blank\" rel=\"noopener\">Download<\/a><\/td>\n<\/tr>\n<tr>\n<td>2022<\/td>\n<td>24<\/td>\n<td>Conceder aposentadoria a Sra. Maria das Dores Almeida da Silva<\/td>\n<td><a href=\"https:\/\/3itserver.com.br\/capoeiras\/wp-content\/uploads\/2022\/10\/Portaria-024.2022-Aposentadoria-Maria-das-Dores.pdf\" target=\"_blank\" rel=\"noopener\">Download<\/a><\/td>\n<\/tr>\n<tr>\n<td>2022<\/td>\n<td>23<\/td>\n<td>Conceder pens\u00e3o por morte ao Sr. Leonardo Rocha Vilela<\/td>\n<td><a href=\"https:\/\/3itserver.com.br\/capoeiras\/wp-content\/uploads\/2022\/10\/Portaria-023.2022-Pens\u00e3o-Leonardo-Rocha.pdf\" target=\"_blank\" rel=\"noopener\">Download<\/a><\/td>\n<\/tr>\n<tr>\n<td>2022<\/td>\n<td>22<\/td>\n<td>Conceder pens\u00e3o por morte ao Sr. Jurandi Galdino Ferreira<\/td>\n<td><a href=\"https:\/\/3itserver.com.br\/capoeiras\/wp-content\/uploads\/2022\/10\/Portaria-022.2022-Pes\u00e3o-Jurandi-Galdino.pdf\" target=\"_blank\" rel=\"noopener\">Download<\/a><\/td>\n<\/tr>\n<tr>\n<td>2022<\/td>\n<td>21<\/td>\n<td>Revogar aposentadoria a Sra. Maria Selma Rodrigues<\/td>\n<td><a href=\"https:\/\/3itserver.com.br\/capoeiras\/wp-content\/uploads\/2022\/10\/Portaria-021.2022-Revogar-Aposentadoria-Maria-Selma.pdf\" target=\"_blank\" rel=\"noopener\">Download<\/a><\/td>\n<\/tr>\n<tr>\n<td>2022<\/td>\n<td>19<\/td>\n<td>Conceder aposentadoria a Sra. Josefa Jovelina da Silva<\/td>\n<td><a href=\"https:\/\/3itserver.com.br\/capoeiras\/wp-content\/uploads\/2022\/07\/PORTARIA_019_2022_IPSEC.pdf\" target=\"_blank\" rel=\"noopener\">Download<\/a><\/td>\n<\/tr>\n<tr>\n<td>2022<\/td>\n<td>18<\/td>\n<td>Conceder aposentadoria a Sra. Maria Neuza de Melo Silva<\/td>\n<td><a href=\"https:\/\/3itserver.com.br\/capoeiras\/wp-content\/uploads\/2022\/07\/PORTARIA_018_2022_IPSEC.pdf\" target=\"_blank\" rel=\"noopener\">Download<\/a><\/td>\n<\/tr>\n<tr>\n<td>2022<\/td>\n<td>17<\/td>\n<td>Conceder aposentadoria a Sra. Audeci Alves de Almeida<\/td>\n<td><a href=\"https:\/\/3itserver.com.br\/capoeiras\/wp-content\/uploads\/2022\/07\/PORTARIA_017_2022_IPSEC.pdf\" target=\"_blank\" rel=\"noopener\">Download<\/a><\/td>\n<\/tr>\n<tr>\n<td>2022<\/td>\n<td>16<\/td>\n<td>Conceder aposentadoria a Sra. Maria Eliani Carneiro Costa<\/td>\n<td><a href=\"https:\/\/3itserver.com.br\/capoeiras\/wp-content\/uploads\/2022\/07\/PORTARIA_016_2022_IPSEC.pdf\" target=\"_blank\" rel=\"noopener\">Download<\/a><\/td>\n<\/tr>\n<tr>\n<td>2022<\/td>\n<td>14<\/td>\n<td>Conceder pens\u00e3o por morte a Jose Cordeiro Maicel<\/td>\n<td><a href=\"https:\/\/3itserver.com.br\/capoeiras\/wp-content\/uploads\/2022\/07\/PORTARIA_014_2022_IPSEC.pdf\" target=\"_blank\" rel=\"noopener\">Download<\/a><\/td>\n<\/tr>\n<tr>\n<td>2022<\/td>\n<td>13<\/td>\n<td>Conceder pens\u00e3o por morte a Sra. Vera Lucia de Oliveira Costa<\/td>\n<td><a href=\"https:\/\/3itserver.com.br\/capoeiras\/wp-content\/uploads\/2022\/07\/PORTARIA_013_2022_IPSEC.pdf\" target=\"_blank\" rel=\"noopener\">Download<\/a><\/td>\n<\/tr>\n<tr>\n<td>2022<\/td>\n<td>11<\/td>\n<td>Conceder aposentadoria a Sra. Maria Janete Pontes NAscimento<\/td>\n<td><a href=\"https:\/\/3itserver.com.br\/capoeiras\/wp-content\/uploads\/2022\/05\/PORTARIA_011_2022_APOSENTADORIA.pdf\" target=\"_blank\" rel=\"noopener\">Download<\/a><\/td>\n<\/tr>\n<tr>\n<td>2022<\/td>\n<td>08<\/td>\n<td>Revogar a aposentadoria da Sra. Damiana Valen\u00e7a da Costa Teixeira<\/td>\n<td><a href=\"https:\/\/3itserver.com.br\/capoeiras\/wp-content\/uploads\/2022\/05\/PORTARIA_008_2022_REVOGAR_APOSENTADORIA.pdf\" target=\"_blank\" rel=\"noopener\">Download<\/a><\/td>\n<\/tr>\n<tr>\n<td>2022<\/td>\n<td>04<\/td>\n<td>Conceder aposentadoria a Sra. Selma Rodrigues da Costa<\/td>\n<td><a href=\"https:\/\/3itserver.com.br\/capoeiras\/wp-content\/uploads\/2022\/05\/PORTARIA_004_2022_APOSENTADORIA.pdf\" target=\"_blank\" rel=\"noopener\">Download<\/a><\/td>\n<\/tr>\n<tr>\n<td>2022<\/td>\n<td>10<\/td>\n<td>Conceder pens\u00e3o por morte a Jose Adilson da Silva, representada por Maria Anunciada de Oliveira Lima<\/td>\n<td><a href=\"https:\/\/3itserver.com.br\/capoeiras\/wp-content\/uploads\/2022\/05\/PORTARIA_010_2022_PENS\u00c3O.pdf\" target=\"_blank\" rel=\"noopener\">Download<\/a><\/td>\n<\/tr>\n<tr>\n<td>2022<\/td>\n<td>09<\/td>\n<td>Conceder pens\u00e3o por morte a Miguel Tavares de Melo, representada por sua c\u00f4njuge Maria Luiza Vicente Tavares<\/td>\n<td><a href=\"https:\/\/3itserver.com.br\/capoeiras\/wp-content\/uploads\/2022\/05\/PORTARIA_009_2022_PENS\u00c3O.pdf\" target=\"_blank\" rel=\"noopener\">Download<\/a><\/td>\n<\/tr>\n<tr>\n<td>2022<\/td>\n<td>06<\/td>\n<td>Conceder pens\u00e3o por morte a Jurandi Galdino Ferreira, representada por Maria Nazar\u00e9 Pontes Galdino<\/td>\n<td><a href=\"https:\/\/3itserver.com.br\/capoeiras\/wp-content\/uploads\/2022\/05\/PORTARIA_006_2022_PENS\u00c3O.pdf\" target=\"_blank\" rel=\"noopener\">Download<\/a><\/td>\n<\/tr>\n<tr>\n<td>2022<\/td>\n<td>05<\/td>\n<td>Conceder pens\u00e3o por morte a Ilma de Albuquerque Silva, representada por Irineu Ferreira da Silva<\/td>\n<td><a href=\"https:\/\/3itserver.com.br\/capoeiras\/wp-content\/uploads\/2022\/05\/PORTARIA_005_2022_PENS\u00c3O.pdf\" target=\"_blank\" rel=\"noopener\">Download<\/a><\/td>\n<\/tr>\n<tr>\n<td>2022<\/td>\n<td>03<\/td>\n<td>Conceder pens\u00e3o por morte a Jose Adilson da Silva, representada por Maria Anunciada de Oliveira Lima<\/td>\n<td><a href=\"https:\/\/3itserver.com.br\/capoeiras\/wp-content\/uploads\/2022\/05\/PORTARIA_003_2022_PENS\u00c3O.pdf\" target=\"_blank\" rel=\"noopener\">Download<\/a><\/td>\n<\/tr>\n<tr>\n<td>2022<\/td>\n<td>02<\/td>\n<td>Conceder pens\u00e3o por morte a Miguel Tavares de Melo, representada por sua c\u00f4njuge Maria Luiza Vicente Tavares<\/td>\n<td><a href=\"https:\/\/3itserver.com.br\/capoeiras\/wp-content\/uploads\/2022\/05\/PORTARIA_002_2022_PENS\u00c3O.pdf\" target=\"_blank\" rel=\"noopener\">Download<\/a><\/td>\n<\/tr>\n<tr>\n<td>2022<\/td>\n<td>01<\/td>\n<td>Conceder pens\u00e3o por morte a Miguel Tavares de Melo, representada por sua c\u00f4njuge Maria Luiza Vicente Tavares<\/td>\n<td><a href=\"https:\/\/3itserver.com.br\/capoeiras\/wp-content\/uploads\/2022\/05\/PORTARIA_001_2022_PENS\u00c3O.pdf\" target=\"_blank\" rel=\"noopener\">Download<\/a><\/td>\n<\/tr>\n<tr>\n<td>2021<\/td>\n<td>31<\/td>\n<td>Conceder pens\u00e3o por morte a Jose Adilson da Silva, representada por Maria Anunciada de Oliveira<\/td>\n<td><a href=\"https:\/\/3itserver.com.br\/capoeiras\/wp-content\/uploads\/2022\/05\/PORTARIA_031_2021_PENS\u00c3O.pdf\" target=\"_blank\" rel=\"noopener\">Download<\/a><\/td>\n<\/tr>\n<tr>\n<td>2017<\/td>\n<td>20<\/td>\n<td>Conceder aposentadoria a Sra. Zeneide Ferreira de Moraes<\/td>\n<td><a href=\"https:\/\/3itserver.com.br\/capoeiras\/wp-content\/uploads\/2020\/10\/20_page.pdf\" target=\"_blank\" rel=\"noopener\">Download<\/a><\/td>\n<\/tr>\n<tr>\n<td>2017<\/td>\n<td>19<\/td>\n<td>Conceder pens\u00e3o por morte a menor Aline Santos Silva, representada por sua av\u00f3 Maria do Carmo Cordeiro dos Santos<\/td>\n<td><a href=\"https:\/\/3itserver.com.br\/capoeiras\/wp-content\/uploads\/2020\/10\/19_page.pdf\" target=\"_blank\" rel=\"noopener\">Download<\/a><\/td>\n<\/tr>\n<tr>\n<td>2017<\/td>\n<td>18<\/td>\n<td>Conceder aposentadoria a Sra. Teresa Marluce da Silva Melo Andrade<\/td>\n<td><a href=\"https:\/\/3itserver.com.br\/capoeiras\/wp-content\/uploads\/2020\/10\/18_page.pdf\" target=\"_blank\" rel=\"noopener\">Download<\/a><\/td>\n<\/tr>\n<tr>\n<td>2017<\/td>\n<td>17<\/td>\n<td>Conceder aposentadoria a Sra. Maria Jaceneide Pontes da Silva Rodrigues<\/td>\n<td><a href=\"https:\/\/3itserver.com.br\/capoeiras\/wp-content\/uploads\/2020\/10\/17_page.pdf\" target=\"_blank\" rel=\"noopener\">Download<\/a><\/td>\n<\/tr>\n<tr>\n<td>2017<\/td>\n<td>16<\/td>\n<td>Conceder aposentadoria a Sra. Maria Ferreira Santos<\/td>\n<td><a href=\"https:\/\/3itserver.com.br\/capoeiras\/wp-content\/uploads\/2020\/10\/16_page.pdf\" target=\"_blank\" rel=\"noopener\">Download<\/a><\/td>\n<\/tr>\n<tr>\n<td>2017<\/td>\n<td>15<\/td>\n<td>Conceder aposentadoria a Sra. Josefa Justino da Silva<\/td>\n<td><a href=\"https:\/\/3itserver.com.br\/capoeiras\/wp-content\/uploads\/2020\/10\/15_page.pdf\" target=\"_blank\" rel=\"noopener\">Download<\/a><\/td>\n<\/tr>\n<tr>\n<td>2017<\/td>\n<td>14<\/td>\n<td>Anular a portaria n\u00ba 24\/2016 e conceder aposentadoria a Sra. Lucineide de Melo Rocha<\/td>\n<td><a href=\"https:\/\/3itserver.com.br\/capoeiras\/wp-content\/uploads\/2020\/10\/14_page.pdf\" target=\"_blank\" rel=\"noopener\">Download<\/a><\/td>\n<\/tr>\n<tr>\n<td>2017<\/td>\n<td>13<\/td>\n<td>Conceder pens\u00e3o por morte a menor Aline Santos Silva, representada por sua av\u00f3 Maria do Carmo Cordeiro dos Santos<\/td>\n<td><a href=\"https:\/\/3itserver.com.br\/capoeiras\/wp-content\/uploads\/2020\/10\/13_page.pdf\" target=\"_blank\" rel=\"noopener\">Download<\/a><\/td>\n<\/tr>\n<tr>\n<td>2017<\/td>\n<td>12<\/td>\n<td>Conceder pens\u00e3o por morte a Sra. Maria Luciana Silva Santos<\/td>\n<td><a href=\"https:\/\/3itserver.com.br\/capoeiras\/wp-content\/uploads\/2020\/10\/12_page.pdf\" target=\"_blank\" rel=\"noopener\">Download<\/a><\/td>\n<\/tr>\n<tr>\n<td>2017<\/td>\n<td>11<\/td>\n<td>Anular a portaria n\u00ba 28\/2016 e conceder aposentadoria a Sra. Severina Creuza da Silva<\/td>\n<td><a href=\"https:\/\/3itserver.com.br\/capoeiras\/wp-content\/uploads\/2020\/10\/11_page.pdf\" target=\"_blank\" rel=\"noopener\">Download<\/a><\/td>\n<\/tr>\n<tr>\n<td>2017<\/td>\n<td>09<\/td>\n<td>Conceder aposentadoria a Sra. Josefa Maria da Silva<\/td>\n<td><a href=\"https:\/\/3itserver.com.br\/capoeiras\/wp-content\/uploads\/2020\/10\/9_page.pdf\" target=\"_blank\" rel=\"noopener\">Download<\/a><\/td>\n<\/tr>\n<tr>\n<td>2017<\/td>\n<td>08<\/td>\n<td>Conceder aposentadoria a Sra. Noeme Maria dos Santos<\/td>\n<td><a href=\"https:\/\/3itserver.com.br\/capoeiras\/wp-content\/uploads\/2020\/10\/8_page.pdf\" target=\"_blank\" rel=\"noopener\">Download<\/a><\/td>\n<\/tr>\n<tr>\n<td>2017<\/td>\n<td>07<\/td>\n<td>Conceder pens\u00e3o por morte aos filhos menores\u00a0Gabriel Lima de Ara\u00fajo, representado por sua genitora Creuza Maria de Lima, e Rafael Jos\u00e9 da Silva Ara\u00fajo, representado por sua genitora Edilene Marques da Silva<\/td>\n<td><a href=\"https:\/\/3itserver.com.br\/capoeiras\/wp-content\/uploads\/2020\/10\/7_page.pdf\" target=\"_blank\" rel=\"noopener\">Download<\/a><\/td>\n<\/tr>\n<tr>\n<td>2017<\/td>\n<td>06<\/td>\n<td>Conceder pens\u00e3o por morte ao Sr. Severino Fraz\u00e3o de Ara\u00fajo<\/td>\n<td><a href=\"https:\/\/3itserver.com.br\/capoeiras\/wp-content\/uploads\/2020\/10\/6_page.pdf\" target=\"_blank\" rel=\"noopener\">Download<\/a><\/td>\n<\/tr>\n<tr>\n<td>2017<\/td>\n<td>05<\/td>\n<td>Conceder aposentadoria a Sra. Zeneide Ferreira de Moraes<\/td>\n<td><a href=\"https:\/\/3itserver.com.br\/capoeiras\/wp-content\/uploads\/2020\/10\/5_page.pdf\" target=\"_blank\" rel=\"noopener\">Download<\/a><\/td>\n<\/tr>\n<tr>\n<td>2017<\/td>\n<td>04<\/td>\n<td>Conceder aposentadoria a Sra. Claudisete Barbosa da Silva<\/td>\n<td><a href=\"https:\/\/3itserver.com.br\/capoeiras\/wp-content\/uploads\/2020\/10\/4_page.pdf\" target=\"_blank\" rel=\"noopener\">Download<\/a><\/td>\n<\/tr>\n<tr>\n<td>2017<\/td>\n<td>03<\/td>\n<td>Conceder aposentadoria a Sra. Cleonice Reino da Silva Queiroz<\/td>\n<td><a href=\"https:\/\/3itserver.com.br\/capoeiras\/wp-content\/uploads\/2020\/10\/3_page.pdf\" target=\"_blank\" rel=\"noopener\">Download<\/a><\/td>\n<\/tr>\n<tr>\n<td>2017<\/td>\n<td>01<\/td>\n<td>Conceder pens\u00e3o por morte aos menores Gabriel Lima de Ara\u00fajo, representado por sua genitora Creuza Maria de Lima, e Rafael Jos\u00e9 da Silva Ara\u00fajo, representado por sua genitora Edilene Marques da Silva<\/td>\n<td><a href=\"https:\/\/3itserver.com.br\/capoeiras\/wp-content\/uploads\/2020\/10\/1_page.pdf\" target=\"_blank\" rel=\"noopener\">Download<\/a><\/td>\n<\/tr>\n<\/tbody>\n<\/table>\n","protected":false},"excerpt":{"rendered":"<p>Ano N\u00fam. Descri\u00e7\u00e3o Visualizar 2025 18 CONCEDER aposentadoria a QUITERIA RODRIGUES DE LIMA Visualizar 2025 17 CONCEDER aposentadoria a MARIA NADJA DOS SANTOS Visualizar 2025 16 CONCEDER aposentadoria a IVONETE BEZERRA VILELA Visualizar 2025 15 CONCEDER aposentadoria a JOS\u00c9 SEBASTI\u00c3O SOARES Visualizar 2025 13 Conceder aposentadoria a LUIZ FERREIRA DA SILVA Visualizar 2025 12 Conceder [&hellip;]<\/p>\n","protected":false},"author":1,"featured_media":0,"parent":140,"menu_order":0,"comment_status":"closed","ping_status":"closed","template":"","meta":{"_et_pb_use_builder":"","_et_pb_old_content":"","_et_gb_content_width":"","footnotes":""},"class_list":["post-142","page","type-page","status-publish","hentry"],"_links":{"self":[{"href":"https:\/\/3itserver.com.br\/capoeiras\/wp-json\/wp\/v2\/pages\/142","targetHints":{"allow":["GET"]}}],"collection":[{"href":"https:\/\/3itserver.com.br\/capoeiras\/wp-json\/wp\/v2\/pages"}],"about":[{"href":"https:\/\/3itserver.com.br\/capoeiras\/wp-json\/wp\/v2\/types\/page"}],"author":[{"embeddable":true,"href":"https:\/\/3itserver.com.br\/capoeiras\/wp-json\/wp\/v2\/users\/1"}],"replies":[{"embeddable":true,"href":"https:\/\/3itserver.com.br\/capoeiras\/wp-json\/wp\/v2\/comments?post=142"}],"version-history":[{"count":26,"href":"https:\/\/3itserver.com.br\/capoeiras\/wp-json\/wp\/v2\/pages\/142\/revisions"}],"predecessor-version":[{"id":2005,"href":"https:\/\/3itserver.com.br\/capoeiras\/wp-json\/wp\/v2\/pages\/142\/revisions\/2005"}],"up":[{"embeddable":true,"href":"https:\/\/3itserver.com.br\/capoeiras\/wp-json\/wp\/v2\/pages\/140"}],"wp:attachment":[{"href":"https:\/\/3itserver.com.br\/capoeiras\/wp-json\/wp\/v2\/media?parent=142"}],"curies":[{"name":"wp","href":"https:\/\/api.w.org\/{rel}","templated":true}]}}